{"id":51607,"date":"2022-04-11T08:37:05","date_gmt":"2022-04-11T06:37:05","guid":{"rendered":"https:\/\/grupopedrojaen.com\/dr-juan-jimenez\/"},"modified":"2026-02-04T12:12:41","modified_gmt":"2026-02-04T11:12:41","slug":"dr-juan-jimenez","status":"publish","type":"page","link":"https:\/\/grupopedrojaen.com\/en\/dr-juan-jimenez\/","title":{"rendered":"Dr Juan Jim\u00e9nez"},"content":{"rendered":"<p>[et_pb_section fb_built=&#8221;1&#8243; admin_label=&#8221;S40 &#8211; Header bg gris transparente + foto&#8221; _builder_version=&#8221;4.16&#8243; _module_preset=&#8221;bc516181-cd50-49c5-819c-0b37facecda6&#8243; locked=&#8221;off&#8221; global_colors_info=&#8221;{}&#8221;][et_pb_row admin_label=&#8221;F1S40 &#8211; 1\/1, Relleno top &#8211; base: 0&#8243; _builder_version=&#8221;4.16&#8243; _module_preset=&#8221;1c4d862d-efb6-4bcc-aa97-fc961aeb600c&#8221; global_colors_info=&#8221;{}&#8221;][et_pb_column type=&#8221;4_4&#8243; _builder_version=&#8221;4.16&#8243; custom_padding=&#8221;|||&#8221; global_colors_info=&#8221;{}&#8221; custom_padding__hover=&#8221;|||&#8221;][et_pb_text admin_label=&#8221;T1S40 &#8211; H1 y p\u00e1rrafo blanco&#8221; _builder_version=&#8221;4.16&#8243; _module_preset=&#8221;5618c4fe-10e5-4cf7-8e1d-5b2633be0600&#8243; header_font_size_tablet=&#8221;&#8221; header_font_size_phone=&#8221;&#8221; header_font_size_last_edited=&#8221;on|phone&#8221; global_colors_info=&#8221;{}&#8221;]<\/p>\n<h1 style=\"text-align: left;\">Dr Juan Jim\u00e9nez<\/h1>\n<p>[\/et_pb_text][\/et_pb_column][\/et_pb_row][\/et_pb_section][et_pb_section fb_built=&#8221;1&#8243; specialty=&#8221;on&#8221; custom_padding_last_edited=&#8221;on|phone&#8221; admin_label=&#8221;S41 &#8211; \u00c1rea presentaci\u00f3n doctor &#8211; Relleno sup 100, base 0&#8243; _builder_version=&#8221;4.16&#8243; _module_preset=&#8221;4d6639ac-fcff-4799-bbdb-bee6be8b0513&#8243; custom_padding=&#8221;100px||60px||false|false&#8221; custom_padding_tablet=&#8221;85px||60px||false|false&#8221; custom_padding_phone=&#8221;70px||50px||false|false&#8221; locked=&#8221;off&#8221; global_colors_info=&#8221;{}&#8221;][et_pb_column type=&#8221;1_3&#8243; _builder_version=&#8221;4.16&#8243; custom_padding=&#8221;|||&#8221; global_colors_info=&#8221;{}&#8221; custom_padding__hover=&#8221;|||&#8221;][et_pb_image src=&#8221;https:\/\/grupopedrojaen.com\/wp-content\/uploads\/2022\/03\/dr-juan-jimenez-01.jpg&#8221; alt=&#8221;Dr Juan Jim\u00e9nez &#8211; Grupo Pedro Ja\u00e9n&#8221; title_text=&#8221;Dr Juan Jim\u00e9nez &#8211; Grupo Pedro Ja\u00e9n&#8221; admin_label=&#8221;Imagen1S41&#8243; _builder_version=&#8221;4.16&#8243; _module_preset=&#8221;e737a0ce-33ea-4f0b-8157-2a3319158ffe&#8221; animation=&#8221;fade_in&#8221; global_colors_info=&#8221;{}&#8221;][\/et_pb_image][et_pb_text admin_label=&#8221;T1S41 &#8211; Info r\u00e1pida dr &#8211; margen ajustado sup \/ base \/ lateral&#8221; _builder_version=&#8221;4.16&#8243; _module_preset=&#8221;66cda878-f8aa-4989-b4b8-68f2c344ccf5&#8243; custom_margin_tablet=&#8221;&#8221; custom_margin_phone=&#8221;&#8221; custom_margin_last_edited=&#8221;on|desktop&#8221; global_colors_info=&#8221;{}&#8221;]<\/p>\n<p><strong>Specialist<\/strong> in Clinical Dermatology and Hair Disorders.<strong><\/strong><\/p>\n<p><strong>Centre:<\/strong> Cinca 30 Clinic, Madrid.<\/p>\n<p>[\/et_pb_text][et_pb_button button_url=&#8221;https:\/\/grupopedrojaen.com\/en\/contact-and-appointments\/&#8221; button_text=&#8221;CONTACTO Y CITAS&#8221; admin_label=&#8221;Bot\u00f3n1S40 &#8211; Contacto y citas, personalizado, margen izq: 30&#8243; _builder_version=&#8221;4.16.0&#8243; _module_preset=&#8221;5ad3bcad-c4f5-4ca2-8d36-384e04498f21&#8243; global_module=&#8221;28827&#8243; saved_tabs=&#8221;all&#8221; global_colors_info=&#8221;{}&#8221; button_one_text_size__hover_enabled=&#8221;off&#8221; button_two_text_size__hover_enabled=&#8221;off&#8221; button_one_text_color__hover_enabled=&#8221;off&#8221; button_two_text_color__hover_enabled=&#8221;off&#8221; button_one_border_width__hover_enabled=&#8221;off&#8221; button_two_border_width__hover_enabled=&#8221;off&#8221; button_one_border_color__hover_enabled=&#8221;off&#8221; button_two_border_color__hover_enabled=&#8221;off&#8221; button_one_border_radius__hover_enabled=&#8221;off&#8221; button_two_border_radius__hover_enabled=&#8221;off&#8221; button_one_letter_spacing__hover_enabled=&#8221;off&#8221; button_two_letter_spacing__hover_enabled=&#8221;off&#8221; button_one_bg_color__hover_enabled=&#8221;off&#8221; button_two_bg_color__hover_enabled=&#8221;off&#8221;]<\/p>\n<p>[\/et_pb_button][\/et_pb_column][et_pb_column type=&#8221;2_3&#8243; specialty_columns=&#8221;2&#8243; _builder_version=&#8221;4.16&#8243; custom_padding=&#8221;|||&#8221; global_colors_info=&#8221;{}&#8221; custom_padding__hover=&#8221;|||&#8221;][et_pb_row_inner admin_label=&#8221;F1S41 &#8211; 1\/1 &#8211; Ajustes relleno y margen&#8221; _builder_version=&#8221;4.16&#8243; _module_preset=&#8221;219afff7-d5d5-4bcb-9766-4597a3f438de&#8221; locked=&#8221;off&#8221; global_colors_info=&#8221;{}&#8221;][et_pb_column_inner saved_specialty_column_type=&#8221;2_3&#8243; _builder_version=&#8221;4.16&#8243; custom_padding=&#8221;|||&#8221; global_colors_info=&#8221;{}&#8221; parallax__hover=&#8221;off&#8221; parallax_method__hover=&#8221;on&#8221; custom_padding__hover=&#8221;|||&#8221;][et_pb_text admin_label=&#8221;T2S41 &#8211; Antet\u00edtulo H2&#8243; _builder_version=&#8221;4.16&#8243; _module_preset=&#8221;240c2d2b-aa11-4ce1-824c-01f7be3326db&#8221; global_colors_info=&#8221;{}&#8221;]<\/p>\n<h2>About<\/h2>\n<p>[\/et_pb_text][et_pb_text admin_label=&#8221;T3S41 &#8211; H3 y p\u00e1rrafo&#8221; _builder_version=&#8221;4.16&#8243; _module_preset=&#8221;d63374f3-0f34-4f35-b9d5-df1fe012c33f&#8221; global_colors_info=&#8221;{}&#8221;]<\/p>\n<h3>Information about the <span color=\"#ddaa8e\" style=\"color: #ddaa8e;\">doctor<\/span><\/h3>\n<p>Dr Juan Jim\u00e9nez Cauh\u00e9 is a dermatologist specialised in clinical dermatology and hair disorders. He sees patients at the Cinca 30 clinic in Madrid, home to the Hair Disorders and Hair Transplant Unit of Grupo Pedro Ja\u00e9n. <\/p>\n<p>[\/et_pb_text][\/et_pb_column_inner][\/et_pb_row_inner][et_pb_row_inner custom_padding_last_edited=&#8221;on|phone&#8221; admin_label=&#8221;F2S41 &#8211; 1\/1 &#8211; Ajustes relleno&#8221; _builder_version=&#8221;4.16&#8243; _module_preset=&#8221;a5d88959-d4f4-4bb5-8335-fd1af127c5c4&#8243; custom_padding_tablet=&#8221;6.6px|0px|5px|0px|false|true&#8221; custom_padding_phone=&#8221;6.6px|0px|5px|0px|false|true&#8221; locked=&#8221;off&#8221; global_colors_info=&#8221;{}&#8221;][et_pb_column_inner saved_specialty_column_type=&#8221;2_3&#8243; _builder_version=&#8221;4.16&#8243; custom_padding=&#8221;|||&#8221; global_colors_info=&#8221;{}&#8221; parallax__hover=&#8221;off&#8221; parallax_method__hover=&#8221;on&#8221; custom_padding__hover=&#8221;|||&#8221;][et_pb_toggle title=&#8221;Areas of expertise&#8221; admin_label=&#8221;Conmutador1S41 &#8211; Ampliaci\u00f3n info doctor&#8221; _builder_version=&#8221;4.16&#8243; _module_preset=&#8221;1448a622-56df-4901-9d2e-2beda71544d7&#8243; locked=&#8221;off&#8221; global_colors_info=&#8221;{}&#8221;]<\/p>\n<ul>\n<li>Nail disorders (Onychology): diagnosis and treatment of nail diseases. Nail surgery, including ingrown nails, pincer nails and nail tumours. <\/li>\n<li>Hair disorders: diagnosis and treatment of different types of alopecia. Hair mesotherapy treatments, including dutasteride and platelet-rich plasma (PRP).  <\/li>\n<li>Skin cancer and dermatological surgery: diagnosis and treatment of skin cancer, including conventional dermatological surgery and Mohs micrographic surgery. <\/li>\n<li>General dermatology: acne, rosacea, dermatitis, psoriasis, sexually transmitted infections (STIs), hyperhidrosis and benign skin tumours. <\/li>\n<\/ul>\n<p>[\/et_pb_toggle][et_pb_toggle title=&#8221;Professional background&#8221; admin_label=&#8221;Conmutador1S41 &#8211; Ampliaci\u00f3n info doctor&#8221; _builder_version=&#8221;4.16&#8243; _module_preset=&#8221;1448a622-56df-4901-9d2e-2beda71544d7&#8243; locked=&#8221;off&#8221; global_colors_info=&#8221;{}&#8221;]<\/p>\n<p><strong>Professional Career<\/strong><\/p>\n<ul>\n<li>Dermatologist at Grupo Pedro Ja\u00e9n.<\/li>\n<li>Dermatologist at Hospital Universitario Ram\u00f3n y Cajal, Madrid (2017 \u2013 present).<\/li>\n<li>Dermatologist at Hospital Quir\u00f3nSalud \u2013 Ruber Juan Bravo, Madrid (2021 \u2013 present).<\/li>\n<li>Dermatologist at Hospital Quir\u00f3nSalud \u2013 Quir\u00f3n San Jos\u00e9, Madrid (2021 \u2013 present).<\/li>\n<li>Dermatologist at FEMM Cirug\u00eda y Medicina Est\u00e9tica Clinic (2021 \u2013 present).<\/li>\n<li>Tutor for candidates preparing the MIR entrance examination at AMIR Medicina Academy (2018).<\/li>\n<li>Peer reviewer for leading scientific journals in the field of dermatology.<\/li>\n<li>Collaborating researcher in multiple research projects and clinical trials at Hospital Universitario Ram\u00f3n y Cajal, Madrid.<\/li>\n<\/ul>\n<p><strong>Academic Training<\/strong><\/p>\n<p><strong><\/strong><\/p>\n<ul>\n<li>International Master\u2019s Degree in Aesthetic Dermatology, Universidad de Alcal\u00e1 (2020 \u2013 present).<\/li>\n<li>PhD thesis at Universidad de Alcal\u00e1 on oral minoxidil in androgenetic alopecia (2019 \u2013 present). <\/li>\n<li>Specialist training via the MIR system (ranked 23rd nationwide) in Medical and Surgical Dermatology at Hospital Universitario Ram\u00f3n y Cajal.<\/li>\n<li>Degree in Medicine, Universidad de Zaragoza.<\/li>\n<\/ul>\n<p>[\/et_pb_toggle][et_pb_toggle title=&#8221;Other information of interest&#8221; admin_label=&#8221;Conmutador1S41 &#8211; Ampliaci\u00f3n info doctor&#8221; _builder_version=&#8221;4.16&#8243; _module_preset=&#8221;1448a622-56df-4901-9d2e-2beda71544d7&#8243; locked=&#8221;off&#8221; global_colors_info=&#8221;{}&#8221;]<\/p>\n<p><strong>Affiliations<\/strong><\/p>\n<ul>\n<li>Member of the Official College of Physicians of Madrid (ICOMEM).<\/li>\n<li>Member of the Spanish Academy of Dermatology and Venereology (AEDV).<\/li>\n<li>Member of the European Academy of Dermatology and Venereology (EADV).<\/li>\n<li>Member of IRYCIS (Instituto Ram\u00f3n y Cajal de Investigaci\u00f3n Sanitaria).<\/li>\n<li>Member of the European Nail Society (ENS).<\/li>\n<li>Member of the International Dermoscopy Society (IDS).<\/li>\n<\/ul>\n<p><strong>Awards and Distinctions<\/strong><\/p>\n<p><strong><\/strong><\/p>\n<ul>\n<li> End of Residency Award, Hospital Universitario Ram\u00f3n y Cajal (2021).<\/li>\n<li>Second Prize for Surgical Videos, AEDV Virtual Congress (2020).<\/li>\n<li>First Prize RESIPUB for Best Scientific Publication (2019).<\/li>\n<li>Uniteco Foundation Award for Excellence in MIR Training (2018).<\/li>\n<li>Author of more than 80 international scientific publications. Speaker at national and international courses and congresses. <\/li>\n<\/ul>\n<p>[\/et_pb_toggle][\/et_pb_column_inner][\/et_pb_row_inner][et_pb_row_inner column_structure=&#8221;1_2,1_2&#8243; admin_label=&#8221;F3S41 &#8211; 1\/2, Igualar altura columnas &#8221; _builder_version=&#8221;4.16&#8243; _module_preset=&#8221;013aa2ec-c00e-4eb3-86b5-6f14b0144aba&#8221; custom_margin=&#8221;0px||||false|false&#8221; custom_margin_tablet=&#8221;0px||||false|false&#8221; custom_margin_phone=&#8221;0px||||false|false&#8221; custom_margin_last_edited=&#8221;on|phone&#8221; locked=&#8221;off&#8221; global_colors_info=&#8221;{}&#8221;][et_pb_column_inner type=&#8221;1_2&#8243; admin_label=&#8221;C1S41 &#8211; CSS propio para sombra&#8221; _builder_version=&#8221;4.16&#8243; _module_preset=&#8221;95d5e31c-adf6-4bdf-bdcc-d1b3e3a321d2&#8243; global_colors_info=&#8221;{}&#8221;][et_pb_blurb use_icon=&#8221;on&#8221; font_icon=&#8221;&#x4e;||divi||400&#8243; _builder_version=&#8221;4.16.0&#8243; _module_preset=&#8221;68c1204f-9c2a-48c1-a14b-a93ee9a4d6c4&#8243; global_module=&#8221;28990&#8243; global_colors_info=&#8221;{}&#8221;]<\/p>\n<p>Tricolog\u00eda<\/p>\n<p>[\/et_pb_blurb][et_pb_blurb url=&#8221;https:\/\/grupopedrojaen.com\/en\/clinical-dermatology-specialists\/&#8221; use_icon=&#8221;on&#8221; font_icon=&#8221;&#x4e;||divi||400&#8243; admin_label=&#8221;Anuncio1S41 &#8211; Especialidades &#8211; Ajuste m\u00e1rgenes y relleno&#8221; _builder_version=&#8221;4.16.0&#8243; _module_preset=&#8221;68c1204f-9c2a-48c1-a14b-a93ee9a4d6c4&#8243; link_option_url=&#8221;https:\/\/grupopedrojaen.com\/en\/clinical-dermatology-specialists\/&#8221; icon_font_size=&#8221;13px&#8221; use_circle=&#8221;on&#8221; global_module=&#8221;28839&#8243; global_colors_info=&#8221;{}&#8221;]<\/p>\n<p>Dermatolog\u00eda cl\u00ednica<\/p>\n<p>[\/et_pb_blurb][\/et_pb_column_inner][et_pb_column_inner type=&#8221;1_2&#8243; admin_label=&#8221;C1S41 &#8211; CSS propio para sombra&#8221; _builder_version=&#8221;4.16&#8243; _module_preset=&#8221;95d5e31c-adf6-4bdf-bdcc-d1b3e3a321d2&#8243; global_colors_info=&#8221;{}&#8221;][et_pb_blurb url=&#8221;https:\/\/grupopedrojaen.com\/en\/mohs-surgery-specialists\/&#8221; use_icon=&#8221;on&#8221; font_icon=&#8221;&#x4e;||divi||400&#8243; _builder_version=&#8221;4.16.0&#8243; _module_preset=&#8221;68c1204f-9c2a-48c1-a14b-a93ee9a4d6c4&#8243; link_option_url=&#8221;https:\/\/grupopedrojaen.com\/en\/mohs-surgery-specialists\/&#8221; global_module=&#8221;29083&#8243; global_colors_info=&#8221;{}&#8221;]<\/p>\n<p>Cirug\u00eda de Mohs<\/p>\n<p>[\/et_pb_blurb][et_pb_blurb url=&#8221;https:\/\/grupopedrojaen.com\/en\/skin-cancer-specialists\/&#8221; use_icon=&#8221;on&#8221; font_icon=&#8221;&#x4e;||divi||400&#8243; _builder_version=&#8221;4.16.0&#8243; _module_preset=&#8221;68c1204f-9c2a-48c1-a14b-a93ee9a4d6c4&#8243; link_option_url=&#8221;https:\/\/grupopedrojaen.com\/en\/skin-cancer-specialists\/&#8221; global_module=&#8221;28925&#8243; saved_tabs=&#8221;all&#8221; global_colors_info=&#8221;{}&#8221;]<\/p>\n<p>C\u00e1ncer de piel<\/p>\n<p>[\/et_pb_blurb][\/et_pb_column_inner][\/et_pb_row_inner][\/et_pb_column][\/et_pb_section][et_pb_section fb_built=&#8221;1&#8243; admin_label=&#8221;S42 &#8211; Centros e info corporativa&#8221; _builder_version=&#8221;4.16&#8243; _module_preset=&#8221;9d765577-8e4d-461b-ad6b-8627853865c3&#8243; locked=&#8221;off&#8221; global_colors_info=&#8221;{}&#8221;][et_pb_row column_structure=&#8221;1_3,1_3,1_3&#8243; admin_label=&#8221;F1S42, 1\/3. Margen \/ relleno sup y base: 0 &#8221; _builder_version=&#8221;4.16&#8243; _module_preset=&#8221;e17a533c-a864-4cda-9efe-19b1251b76d5&#8243; custom_margin=&#8221;0px||0px||false|false&#8221; custom_padding=&#8221;0px||0px||false|false&#8221; global_colors_info=&#8221;{}&#8221;][et_pb_column type=&#8221;1_3&#8243; _builder_version=&#8221;4.16&#8243; _module_preset=&#8221;default&#8221; global_colors_info=&#8221;{}&#8221;][et_pb_blurb title=&#8221;Cinca 30 Clinic&#8221; image=&#8221;https:\/\/grupopedrojaen.com\/wp-content\/uploads\/2022\/03\/localizacion-servicios-medicos-amarillo.svg&#8221; alt=&#8221;Cinca Clinic \u2013 Location&#8221; admin_label=&#8221;S42anuncio1 &#8211; Info&#8221; _builder_version=&#8221;4.16.0&#8243; _module_preset=&#8221;759eb996-a372-4e67-9613-1dbaddeea879&#8243; image_max_width=&#8221;80px&#8221; global_module=&#8221;29192&#8243; saved_tabs=&#8221;all&#8221; global_colors_info=&#8221;{}&#8221;]<\/p>\n<p>Situada en el barrio de El Viso y muy cercana a la sede en Serrano, esta ubicaci\u00f3n alberga las consultas de la Unidad de Tricolog\u00eda y Trasplante Capilar del Grupo Pedro Ja\u00e9n en Madrid capital.<\/p>\n<p>[\/et_pb_blurb][\/et_pb_column][et_pb_column type=&#8221;1_3&#8243; _builder_version=&#8221;4.16&#8243; _module_preset=&#8221;default&#8221; global_colors_info=&#8221;{}&#8221;][et_pb_blurb title=&#8221;About Us&#8221; url=&#8221;https:\/\/grupopedrojaen.com\/en\/about-us\/&#8221; image=&#8221;https:\/\/grupopedrojaen.com\/wp-content\/uploads\/2022\/03\/persona-check-amarillo.svg&#8221; alt=&#8221;About Us&#8221; admin_label=&#8221;Anuncio1S42 &#8211; Info&#8221; _builder_version=&#8221;4.16.0&#8243; _module_preset=&#8221;759eb996-a372-4e67-9613-1dbaddeea879&#8243; link_option_url=&#8221;https:\/\/grupopedrojaen.com\/en\/about-us\/&#8221; image_max_width=&#8221;80px&#8221; saved_tabs=&#8221;all&#8221; global_colors_info=&#8221;{}&#8221; global_module=&#8221;28842&#8243; theme_builder_area=&#8221;post_content&#8221;]<\/p>\n<p>Grupo Pedro Ja\u00e9n proporciona soluciones m\u00e9dicas, quir\u00fargicas y est\u00e9ticas de m\u00e1xima calidad para resolver cualquier necesidad relacionada con la salud y apariencia de la piel.<\/p>\n<p>[\/et_pb_blurb][\/et_pb_column][et_pb_column type=&#8221;1_3&#8243; _builder_version=&#8221;4.16&#8243; _module_preset=&#8221;default&#8221; global_colors_info=&#8221;{}&#8221;][et_pb_blurb title=&#8221;Medical team&#8221; url=&#8221;https:\/\/grupopedrojaen.com\/en\/medical-team\/&#8221; image=&#8221;https:\/\/grupopedrojaen.com\/wp-content\/uploads\/2022\/03\/equipo-1-amarillo.svg&#8221; alt=&#8221;Medical team&#8221; admin_label=&#8221;Anuncio1S42 &#8211; Info&#8221; _builder_version=&#8221;4.16.0&#8243; _module_preset=&#8221;759eb996-a372-4e67-9613-1dbaddeea879&#8243; link_option_url=&#8221;https:\/\/grupopedrojaen.com\/en\/medical-team\/&#8221; image_max_width=&#8221;80px&#8221; global_module=&#8221;28836&#8243; global_colors_info=&#8221;{}&#8221;]<\/p>\n<p><span>Grupo Pedro Ja\u00e9n cuenta con un equipo de m\u00e1s de 60 profesionales experimentados de primer nivel con el objetivo de ofrecer la mejor asistencia posible en cada \u00e1rea de tratamiento.<\/span><\/p>\n<p>[\/et_pb_blurb][\/et_pb_column][\/et_pb_row][et_pb_row column_structure=&#8221;1_3,1_3,1_3&#8243; admin_label=&#8221;F1S42, 1\/3. Margen \/ relleno sup y base: 0 &#8221; _builder_version=&#8221;4.16&#8243; _module_preset=&#8221;e17a533c-a864-4cda-9efe-19b1251b76d5&#8243; custom_margin=&#8221;0px||0px||false|false&#8221; custom_padding=&#8221;0px||0px||false|false&#8221; global_colors_info=&#8221;{}&#8221;][et_pb_column type=&#8221;1_3&#8243; _builder_version=&#8221;4.16&#8243; _module_preset=&#8221;default&#8221; global_colors_info=&#8221;{}&#8221;][\/et_pb_column][et_pb_column type=&#8221;1_3&#8243; _builder_version=&#8221;4.16&#8243; _module_preset=&#8221;default&#8221; global_colors_info=&#8221;{}&#8221;][\/et_pb_column][et_pb_column type=&#8221;1_3&#8243; _builder_version=&#8221;4.16&#8243; _module_preset=&#8221;default&#8221; global_colors_info=&#8221;{}&#8221;][\/et_pb_column][\/et_pb_row][\/et_pb_section]<\/p>\n","protected":false},"excerpt":{"rendered":"<p>Dr Juan Jim\u00e9nezSpecialist in Clinical Dermatology and Hair Disorders. Centre: Cinca 30 Clinic, Madrid. AboutInformation about the doctor Dr Juan Jim\u00e9nez Cauh\u00e9 is a dermatologist specialised in clinical dermatology and hair disorders. He sees patients at the Cinca 30 clinic in Madrid, home to the Hair Disorders and Hair Transplant Unit of Grupo Pedro Ja\u00e9n. [&hellip;]<\/p>\n","protected":false},"author":1,"featured_media":0,"parent":0,"menu_order":0,"comment_status":"closed","ping_status":"closed","template":"","meta":{"_et_pb_use_builder":"on","_et_pb_old_content":"","_et_gb_content_width":"","footnotes":""},"class_list":["post-51607","page","type-page","status-publish","hentry"],"_links":{"self":[{"href":"https:\/\/grupopedrojaen.com\/en\/wp-json\/wp\/v2\/pages\/51607","targetHints":{"allow":["GET"]}}],"collection":[{"href":"https:\/\/grupopedrojaen.com\/en\/wp-json\/wp\/v2\/pages"}],"about":[{"href":"https:\/\/grupopedrojaen.com\/en\/wp-json\/wp\/v2\/types\/page"}],"author":[{"embeddable":true,"href":"https:\/\/grupopedrojaen.com\/en\/wp-json\/wp\/v2\/users\/1"}],"replies":[{"embeddable":true,"href":"https:\/\/grupopedrojaen.com\/en\/wp-json\/wp\/v2\/comments?post=51607"}],"version-history":[{"count":2,"href":"https:\/\/grupopedrojaen.com\/en\/wp-json\/wp\/v2\/pages\/51607\/revisions"}],"predecessor-version":[{"id":51609,"href":"https:\/\/grupopedrojaen.com\/en\/wp-json\/wp\/v2\/pages\/51607\/revisions\/51609"}],"wp:attachment":[{"href":"https:\/\/grupopedrojaen.com\/en\/wp-json\/wp\/v2\/media?parent=51607"}],"curies":[{"name":"wp","href":"https:\/\/api.w.org\/{rel}","templated":true}]}}